{"id":1807,"date":"2022-11-21T19:48:54","date_gmt":"2022-11-21T22:48:54","guid":{"rendered":"https:\/\/paginas.uepa.br\/dca\/?page_id=1807"},"modified":"2023-06-13T16:27:53","modified_gmt":"2023-06-13T19:27:53","slug":"servicos","status":"publish","type":"page","link":"https:\/\/dca.uepa.br\/index.php\/servicos\/","title":{"rendered":"Servicos"},"content":{"rendered":"\n<div class=\"wp-block-uagb-container uagb-block-1fb4fdb2 alignfull uagb-is-root-container\"><div class=\"uagb-container-inner-blocks-wrap\">\n<div class=\"wp-block-uagb-advanced-heading uagb-block-e4bfc175\"><h1 class=\"uagb-heading-text\">Servi\u00e7os<\/h1><div class=\"uagb-separator\"><\/div><\/div>\n\n\n\t\t\t\t\t\t\t<h3 style=\"margin-bottom:20px;display:block;width:100%;margin-top:10px\">Servi\u00e7os <\/h3>\r\n\t\t\t\t\t\t<style>\r\n\t\t\t\t<style>\r\n#wpsm_accordion_1947 .wpsm_panel-heading{\r\n\tpadding:0px !important;\r\n}\r\n#wpsm_accordion_1947 .wpsm_panel-title {\r\n\tmargin:0px !important; \r\n\ttext-transform:none !important;\r\n\tline-height: 1 !important;\r\n}\r\n#wpsm_accordion_1947 .wpsm_panel-title a{\r\n\ttext-decoration:none;\r\n\toverflow:hidden;\r\n\tdisplay:block;\r\n\tpadding:0px;\r\n\tfont-size: 18px !important;\r\n\tfont-family: Open Sans !important;\r\n\tcolor:#000000 !important;\r\n\tborder-bottom:0px !important;\r\n}\r\n\r\n#wpsm_accordion_1947 .wpsm_panel-title a:focus {\r\noutline: 0px !important;\r\n}\r\n\r\n#wpsm_accordion_1947 .wpsm_panel-title a:hover, #wpsm_accordion_1947 .wpsm_panel-title a:focus {\r\n\tcolor:#000000 !important;\r\n}\r\n#wpsm_accordion_1947 .acc-a{\r\n\tcolor: #000000 !important;\r\n\tbackground-color:#e8e8e8 !important;\r\n\tborder-color: #ddd;\r\n}\r\n#wpsm_accordion_1947 .wpsm_panel-default > .wpsm_panel-heading{\r\n\tcolor: #000000 !important;\r\n\tbackground-color: #e8e8e8 !important;\r\n\tborder-color: #e8e8e8 !important;\r\n\tborder-top-left-radius: 0px;\r\n\tborder-top-right-radius: 0px;\r\n}\r\n#wpsm_accordion_1947 .wpsm_panel-default {\r\n\t\tborder:1px solid transparent !important;\r\n\t}\r\n#wpsm_accordion_1947 {\r\n\tmargin-bottom: 20px;\r\n\toverflow: hidden;\r\n\tfloat: none;\r\n\twidth: 100%;\r\n\tdisplay: block;\r\n}\r\n#wpsm_accordion_1947 .ac_title_class{\r\n\tdisplay: block;\r\n\tpadding-top: 12px;\r\n\tpadding-bottom: 12px;\r\n\tpadding-left: 15px;\r\n\tpadding-right: 15px;\r\n}\r\n#wpsm_accordion_1947  .wpsm_panel {\r\n\toverflow:hidden;\r\n\t-webkit-box-shadow: 0 0px 0px rgba(0, 0, 0, .05);\r\n\tbox-shadow: 0 0px 0px rgba(0, 0, 0, .05);\r\n\t\tborder-radius: 4px;\r\n\t}\r\n#wpsm_accordion_1947  .wpsm_panel + .wpsm_panel {\r\n\t\tmargin-top: 5px;\r\n\t}\r\n#wpsm_accordion_1947  .wpsm_panel-body{\r\n\tbackground-color:#ffffff !important;\r\n\tcolor:#000000 !important;\r\n\tborder-top-color: #e8e8e8 !important;\r\n\tfont-size:16px !important;\r\n\tfont-family: Open Sans !important;\r\n\toverflow: hidden;\r\n\t\tborder: 2px solid #e8e8e8 !important;\r\n\t}\r\n\r\n#wpsm_accordion_1947 .ac_open_cl_icon{\r\n\tbackground-color:#e8e8e8 !important;\r\n\tcolor: #000000 !important;\r\n\tfloat:right !important;\r\n\tpadding-top: 12px !important;\r\n\tpadding-bottom: 12px !important;\r\n\tline-height: 1.0 !important;\r\n\tpadding-left: 15px !important;\r\n\tpadding-right: 15px !important;\r\n\tdisplay: inline-block !important;\r\n}\r\n\r\n\t\t\t\r\n\t\t\t<\/style>\t\r\n\t\t\t<\/style>\r\n\t\t\t<div class=\"wpsm_panel-group\" id=\"wpsm_accordion_1947\" >\r\n\t\t\t\t\t\t\t\t\r\n\t\t\t\t\t<!-- Inner panel Start -->\r\n\t\t\t\t\t<div class=\"wpsm_panel wpsm_panel-default\">\r\n\t\t\t\t\t\t<div class=\"wpsm_panel-heading\" role=\"tab\" >\r\n\t\t\t\t\t\t  <h4 class=\"wpsm_panel-title\">\r\n\t\t\t\t\t\t\t<a  class=\"\"  data-toggle=\"collapse\" data-parent=\"#wpsm_accordion_1947 \" href=\"javascript:void(0)\" data-target=\"#ac_1947_collapse1\" onclick=\"do_resize()\">\r\n\t\t\t\t\t\t\t\t\t\t\t\t\t\t\t\t\t<span class=\"ac_open_cl_icon fa fa-minus\"><\/span>\r\n\t\t\t\t\t\t\t\t\t\r\n\t\t\t\t\t\t\t\t \r\n\t\t\t\t\t\t\t\t<span class=\"ac_title_class\">\r\n\t\t\t\t\t\t\t\t\t\t\t\t\t\t\t\t\t\t\t\t<span style=\"margin-right:6px;\" class=\"fa fa-angle-right\"><\/span>\r\n\t\t\t\t\t\t\t\t\tApostilamento\t\t\t\t\t\t\t\t<\/span>\r\n\t\t\t\t\t\t\t<\/a>\r\n\t\t\t\t\t\t  <\/h4>\r\n\t\t\t\t\t\t<\/div>\r\n\t\t\t\t\t\t<div id=\"ac_1947_collapse1\" class=\"wpsm_panel-collapse collapse in\"  >\r\n\t\t\t\t\t\t  <div class=\"wpsm_panel-body\">\r\n\t\t\t\t\t\t\tNota suplementar no diploma oficial, para:\r\nAltera\u00e7\u00e3o de n\u00famero da Identidade, Naturalidade e de Data do Nascimento. Troca de nome.\r\nHabilita\u00e7\u00f5es\r\n\r\nDocumentos necess\u00e1rios:\r\n\u2013 Preencher requerimento disponibilizado no\r\nProtocolo;\r\n\u2013 Comprovante de pagamento da taxa;\r\n\u2013 Anexar diploma original para receber a apostila no verso, em hip\u00f3tese alguma deve-se grampear o diploma;\r\n\u2013 Informar o motivo do apostilamento;\r\n\u2013 Anexar c\u00f3pia leg\u00edvel da Carteira de Identidade e se for o caso c\u00f3pia leg\u00edvel da Certid\u00e3o de Casamento.\r\n\r\nPrazo de entrega: 10 dias \u00fateis\t\t\t\t\t\t  <\/div>\r\n\t\t\t\t\t\t<\/div>\r\n\t\t\t\t\t<\/div>\r\n\t\t\t\t\t<!-- Inner panel End -->\r\n\t\t\t\t\t\r\n\t\t\t\t\t\t\t\t\r\n\t\t\t\t\t<!-- Inner panel Start -->\r\n\t\t\t\t\t<div class=\"wpsm_panel wpsm_panel-default\">\r\n\t\t\t\t\t\t<div class=\"wpsm_panel-heading\" role=\"tab\" >\r\n\t\t\t\t\t\t  <h4 class=\"wpsm_panel-title\">\r\n\t\t\t\t\t\t\t<a  class=\"collapsed\"  data-toggle=\"collapse\" data-parent=\"#wpsm_accordion_1947 \" href=\"javascript:void(0)\" data-target=\"#ac_1947_collapse2\" onclick=\"do_resize()\">\r\n\t\t\t\t\t\t\t\t\t\t\t\t\t\t\t\t\t<span class=\"ac_open_cl_icon fa fa-plus\"><\/span>\r\n\t\t\t\t\t\t\t\t\t\r\n\t\t\t\t\t\t\t\t \r\n\t\t\t\t\t\t\t\t<span class=\"ac_title_class\">\r\n\t\t\t\t\t\t\t\t\t\t\t\t\t\t\t\t\t\t\t\t<span style=\"margin-right:6px;\" class=\"fa fa-angle-right\"><\/span>\r\n\t\t\t\t\t\t\t\t\tAtestados e Declara\u00e7\u00f5es\t\t\t\t\t\t\t\t<\/span>\r\n\t\t\t\t\t\t\t<\/a>\r\n\t\t\t\t\t\t  <\/h4>\r\n\t\t\t\t\t\t<\/div>\r\n\t\t\t\t\t\t<div id=\"ac_1947_collapse2\" class=\"wpsm_panel-collapse collapse \"  >\r\n\t\t\t\t\t\t  <div class=\"wpsm_panel-body\">\r\n\t\t\t\t\t\t\tA UEPA disponibiliza, aos seus alunos, gratuitamente, a 1\u00aa via de  Atestados e Declara\u00e7\u00f5es de sua condi\u00e7\u00e3o Acad\u00eamica \u00e0 medida de sua solicita\u00e7\u00e3o, para efeito de comprova\u00e7\u00e3o de estudos, de frequ\u00eancia, de matr\u00edcula, de curso, entre outros.\r\nPara a aquisi\u00e7\u00e3o do documento, o aluno deve solicitar no CRCA de seu Campus,sendo necess\u00e1rio:\r\n\r\nRequerimento anexado de:\r\n\u2013 Comprovante de pagamento da taxa (para a 2\u00aa via);\r\n\u2013 C\u00f3pia leg\u00edvel da Carteira de Identidade e do CPF.\r\n\r\nPrazo de entrega: 7 dias \u00fateis.\t\t\t\t\t\t  <\/div>\r\n\t\t\t\t\t\t<\/div>\r\n\t\t\t\t\t<\/div>\r\n\t\t\t\t\t<!-- Inner panel End -->\r\n\t\t\t\t\t\r\n\t\t\t\t\t\t\t\t\r\n\t\t\t\t\t<!-- Inner panel Start -->\r\n\t\t\t\t\t<div class=\"wpsm_panel wpsm_panel-default\">\r\n\t\t\t\t\t\t<div class=\"wpsm_panel-heading\" role=\"tab\" >\r\n\t\t\t\t\t\t  <h4 class=\"wpsm_panel-title\">\r\n\t\t\t\t\t\t\t<a  class=\"collapsed\"  data-toggle=\"collapse\" data-parent=\"#wpsm_accordion_1947 \" href=\"javascript:void(0)\" data-target=\"#ac_1947_collapse3\" onclick=\"do_resize()\">\r\n\t\t\t\t\t\t\t\t\t\t\t\t\t\t\t\t\t<span class=\"ac_open_cl_icon fa fa-plus\"><\/span>\r\n\t\t\t\t\t\t\t\t\t\r\n\t\t\t\t\t\t\t\t \r\n\t\t\t\t\t\t\t\t<span class=\"ac_title_class\">\r\n\t\t\t\t\t\t\t\t\t\t\t\t\t\t\t\t\t\t\t\t<span style=\"margin-right:6px;\" class=\"fa fa-angle-right\"><\/span>\r\n\t\t\t\t\t\t\t\t\tInclus\u00e3o do Nome Social\t\t\t\t\t\t\t\t<\/span>\r\n\t\t\t\t\t\t\t<\/a>\r\n\t\t\t\t\t\t  <\/h4>\r\n\t\t\t\t\t\t<\/div>\r\n\t\t\t\t\t\t<div id=\"ac_1947_collapse3\" class=\"wpsm_panel-collapse collapse \"  >\r\n\t\t\t\t\t\t  <div class=\"wpsm_panel-body\">\r\n\t\t\t\t\t\t\tO nome social \u00e9 o modo como a pessoa se autoidentifica e \u00e9 reconhecida, identificada e denominada na sociedade, na medida em que seu nome oficial n\u00e3o reflete sua identidade de g\u00eanero e possa imputar-lhe potenciais constrangimentos. A UEPA assegura a utiliza\u00e7\u00e3o do nome social, mediante requerimento da pessoa interessada, de conformidade com os termos da <a href=\"https:\/\/dca.uepa.br\/wp-content\/uploads\/2022\/02\/Resolucao_2887.pdf\" rel=\"noopener\" target=\"_blank\">Resolu\u00e7\u00e3o N\u00ba 2887\/15 \u2013 CONSUN<\/a>, de 16 de setembro de 2015.\r\n\r\nPara obter o formul\u00e1rio de requerimento <a href=\"https:\/\/dca.uepa.br\/wp-content\/uploads\/2022\/02\/FORMULARIOS_NOME_SOCIAL_23.pdf\" rel=\"noopener\" target=\"_blank\">Clique Aqui.<\/a>\t\t\t\t\t\t  <\/div>\r\n\t\t\t\t\t\t<\/div>\r\n\t\t\t\t\t<\/div>\r\n\t\t\t\t\t<!-- Inner panel End -->\r\n\t\t\t\t\t\r\n\t\t\t\t\t\t\t\t\r\n\t\t\t\t\t<!-- Inner panel Start -->\r\n\t\t\t\t\t<div class=\"wpsm_panel wpsm_panel-default\">\r\n\t\t\t\t\t\t<div class=\"wpsm_panel-heading\" role=\"tab\" >\r\n\t\t\t\t\t\t  <h4 class=\"wpsm_panel-title\">\r\n\t\t\t\t\t\t\t<a  class=\"collapsed\"  data-toggle=\"collapse\" data-parent=\"#wpsm_accordion_1947 \" href=\"javascript:void(0)\" data-target=\"#ac_1947_collapse4\" onclick=\"do_resize()\">\r\n\t\t\t\t\t\t\t\t\t\t\t\t\t\t\t\t\t<span class=\"ac_open_cl_icon fa fa-plus\"><\/span>\r\n\t\t\t\t\t\t\t\t\t\r\n\t\t\t\t\t\t\t\t \r\n\t\t\t\t\t\t\t\t<span class=\"ac_title_class\">\r\n\t\t\t\t\t\t\t\t\t\t\t\t\t\t\t\t\t\t\t\t<span style=\"margin-right:6px;\" class=\"fa fa-angle-right\"><\/span>\r\n\t\t\t\t\t\t\t\t\tLan\u00e7amento de Notas\t\t\t\t\t\t\t\t<\/span>\r\n\t\t\t\t\t\t\t<\/a>\r\n\t\t\t\t\t\t  <\/h4>\r\n\t\t\t\t\t\t<\/div>\r\n\t\t\t\t\t\t<div id=\"ac_1947_collapse4\" class=\"wpsm_panel-collapse collapse \"  >\r\n\t\t\t\t\t\t  <div class=\"wpsm_panel-body\">\r\n\t\t\t\t\t\t\tO Lan\u00e7amento de Notas \u00e9 feito por meio do sistema SIGA DOCENTE e normatizado pela <a href=\"https:\/\/dca.uepa.br\/wp-content\/uploads\/2022\/02\/Instruo_Normativa_N_05-2012_2.pdf\" rel=\"noopener\" target=\"_blank\">Instru\u00e7\u00e3o Normativa n\u00ba 05\/2012<\/a>, de 09 de maio de 2012.\r\n\r\nAcesso ao <a href=\"https:\/\/sigaa.uepa.br\/sigaa\/public\/docente\/busca_docentes.jsf?aba=p-academico\" rel=\"noopener\" target=\"_blank\">Sistema SIGA DOCENTE<\/a>\t\t\t\t\t\t  <\/div>\r\n\t\t\t\t\t\t<\/div>\r\n\t\t\t\t\t<\/div>\r\n\t\t\t\t\t<!-- Inner panel End -->\r\n\t\t\t\t\t\r\n\t\t\t\t\t\t\t\t\r\n\t\t\t\t\t<!-- Inner panel Start -->\r\n\t\t\t\t\t<div class=\"wpsm_panel wpsm_panel-default\">\r\n\t\t\t\t\t\t<div class=\"wpsm_panel-heading\" role=\"tab\" >\r\n\t\t\t\t\t\t  <h4 class=\"wpsm_panel-title\">\r\n\t\t\t\t\t\t\t<a  class=\"collapsed\"  data-toggle=\"collapse\" data-parent=\"#wpsm_accordion_1947 \" href=\"javascript:void(0)\" data-target=\"#ac_1947_collapse5\" onclick=\"do_resize()\">\r\n\t\t\t\t\t\t\t\t\t\t\t\t\t\t\t\t\t<span class=\"ac_open_cl_icon fa fa-plus\"><\/span>\r\n\t\t\t\t\t\t\t\t\t\r\n\t\t\t\t\t\t\t\t \r\n\t\t\t\t\t\t\t\t<span class=\"ac_title_class\">\r\n\t\t\t\t\t\t\t\t\t\t\t\t\t\t\t\t\t\t\t\t<span style=\"margin-right:6px;\" class=\"fa fa-angle-right\"><\/span>\r\n\t\t\t\t\t\t\t\t\tRegistro de Diplomas\t\t\t\t\t\t\t\t<\/span>\r\n\t\t\t\t\t\t\t<\/a>\r\n\t\t\t\t\t\t  <\/h4>\r\n\t\t\t\t\t\t<\/div>\r\n\t\t\t\t\t\t<div id=\"ac_1947_collapse5\" class=\"wpsm_panel-collapse collapse \"  >\r\n\t\t\t\t\t\t  <div class=\"wpsm_panel-body\">\r\n\t\t\t\t\t\t\tO Registro dos Diplomas da Universidade do Estado do Par\u00e1, s\u00e3o feitos pela pr\u00f3pria IES, no ato de expedi\u00e7\u00e3o do mesmo, e obedece ao previsto conforme abaixo:\r\n\u00b7       <a href=\"https:\/\/www.planalto.gov.br\/ccivil_03\/Leis\/L9394.htm\" rel=\"noopener\" target=\"_blank\">Lei n\u00ba 9.394\/96<\/a> disp\u00f5e o seguinte sobre o registro de Diplomas:\r\nArt. 48. Os diplomas de cursos superiores reconhecidos, quando registrados, ter\u00e3o validade nacional como prova da forma\u00e7\u00e3o recebida por seu titular.\r\n\u00a7 1\u00ba Os diplomas expedidos pelas universidades ser\u00e3o por elas pr\u00f3prias registrados, e aqueles conferidos por institui\u00e7\u00f5es n\u00e3o-universit\u00e1rias ser\u00e3o registrados em universidades indicadas pelo Conselho Nacional de Educa\u00e7\u00e3o.\r\n\u00b7  <a href=\"https:\/\/www.presidencia.gov.br\/ccivil_03\/_Ato2004-2006\/2006\/Decreto\/D5773.htm\" rel=\"noopener\" target=\"_blank\">Decreto n\u00ba 5.773, de 9 de maio de 2006<\/a> que disp\u00f5e sobre o exerc\u00edcio das fun\u00e7\u00f5es de regula\u00e7\u00e3o, supervis\u00e3o e avalia\u00e7\u00e3o de institui\u00e7\u00f5es de educa\u00e7\u00e3o superior e cursos superiores de gradua\u00e7\u00e3o e seq\u00fcenciais no sistema federal de ensino, prev\u00ea:\r\nArt.34. O reconhecimento de curso \u00e9 condi\u00e7\u00e3o necess\u00e1ria, juntamente com o registro, para a validade nacional dos respectivos diplomas.\r\nNa UEPA, o Registro de Diplomas de Gradua\u00e7\u00e3o de outras institui\u00e7\u00f5es \u00e9 regulamentado pela Resolu\u00e7\u00e3o <a href=\"https:\/\/dca.uepa.br\/wp-content\/uploads\/2022\/05\/Resolucao-3821-22.pdf\" rel=\"noopener\" target=\"_blank\">3821\/22-CONSUN.<\/a>\t\t\t\t\t\t  <\/div>\r\n\t\t\t\t\t\t<\/div>\r\n\t\t\t\t\t<\/div>\r\n\t\t\t\t\t<!-- Inner panel End -->\r\n\t\t\t\t\t\r\n\t\t\t\t\t\t\t\t\r\n\t\t\t\t\t<!-- Inner panel Start -->\r\n\t\t\t\t\t<div class=\"wpsm_panel wpsm_panel-default\">\r\n\t\t\t\t\t\t<div class=\"wpsm_panel-heading\" role=\"tab\" >\r\n\t\t\t\t\t\t  <h4 class=\"wpsm_panel-title\">\r\n\t\t\t\t\t\t\t<a  class=\"collapsed\"  data-toggle=\"collapse\" data-parent=\"#wpsm_accordion_1947 \" href=\"javascript:void(0)\" data-target=\"#ac_1947_collapse6\" onclick=\"do_resize()\">\r\n\t\t\t\t\t\t\t\t\t\t\t\t\t\t\t\t\t<span class=\"ac_open_cl_icon fa fa-plus\"><\/span>\r\n\t\t\t\t\t\t\t\t\t\r\n\t\t\t\t\t\t\t\t \r\n\t\t\t\t\t\t\t\t<span class=\"ac_title_class\">\r\n\t\t\t\t\t\t\t\t\t\t\t\t\t\t\t\t\t\t\t\t<span style=\"margin-right:6px;\" class=\"fa fa-angle-right\"><\/span>\r\n\t\t\t\t\t\t\t\t\tRevalida\u00e7\u00e3o e Reconhecimento de Diplomas Estrangeiros\t\t\t\t\t\t\t\t<\/span>\r\n\t\t\t\t\t\t\t<\/a>\r\n\t\t\t\t\t\t  <\/h4>\r\n\t\t\t\t\t\t<\/div>\r\n\t\t\t\t\t\t<div id=\"ac_1947_collapse6\" class=\"wpsm_panel-collapse collapse \"  >\r\n\t\t\t\t\t\t  <div class=\"wpsm_panel-body\">\r\n\t\t\t\t\t\t\tA revalida\u00e7\u00e3o ou reconhecimento \u00e9 a declara\u00e7\u00e3o de equival\u00eancia de diplomas de cursos de gradua\u00e7\u00e3o ou de p\u00f3s-gradua\u00e7\u00e3o stricto sensu (mestrado e doutorado) expedidos por estabelecimentos estrangeiros de ensino superior com aqueles expedidos no pa\u00eds, tornando-os h\u00e1beis para os fins previstos em lei.\r\nAs diretrizes nacionais para a revalida\u00e7\u00e3o ou reconhecimento de diplomas expedidos por institui\u00e7\u00f5es estrangeiras encontram-se regulamentadas no Parecer <a href=\"https:\/\/dca.uepa.br\/wp-content\/uploads\/2022\/02\/parecer_309_camara_superior_educacao_2015_ces.pdf\" rel=\"noopener\" target=\"_blank\">CNE\/CES N\u00ba 309\/2015, de 06\/08\/2015<\/a> e <a href=\"https:\/\/dca.uepa.br\/wp-content\/uploads\/2022\/02\/resolucao_3-2016_cnes_ces.pdf\" rel=\"noopener\" target=\"_blank\">Resolu\u00e7\u00e3o N\u00ba 3 de 22\/06\/2016 CNES\/CES<\/a> e, na Universidade do Estado do Par\u00e1, para os cursos de gradua\u00e7\u00e3o e p\u00f3s-gradua\u00e7\u00e3o stricto sensu (mestrado e doutorado) pela <a href=\"https:\/\/dca.uepa.br\/wp-content\/uploads\/2022\/02\/Resolucao_3393.pdf\" rel=\"noopener\" target=\"_blank\">Resolu\u00e7\u00e3o 3393\/19-CONSUN<\/a>, de 13 de Fevereiro de 2019 e <a href=\"https:\/\/dca.uepa.br\/wp-content\/uploads\/2022\/02\/Instrucao_normativa_001-2017.pdf\" rel=\"noopener\" target=\"_blank\">Instru\u00e7\u00e3o Normativa N\u00ba 01\/2017<\/a>.\t\t\t\t\t\t  <\/div>\r\n\t\t\t\t\t\t<\/div>\r\n\t\t\t\t\t<\/div>\r\n\t\t\t\t\t<!-- Inner panel End -->\r\n\t\t\t\t\t\r\n\t\t\t\t\t\t\t\t\r\n\t\t\t\t\t<!-- Inner panel Start -->\r\n\t\t\t\t\t<div class=\"wpsm_panel wpsm_panel-default\">\r\n\t\t\t\t\t\t<div class=\"wpsm_panel-heading\" role=\"tab\" >\r\n\t\t\t\t\t\t  <h4 class=\"wpsm_panel-title\">\r\n\t\t\t\t\t\t\t<a  class=\"collapsed\"  data-toggle=\"collapse\" data-parent=\"#wpsm_accordion_1947 \" href=\"javascript:void(0)\" data-target=\"#ac_1947_collapse7\" onclick=\"do_resize()\">\r\n\t\t\t\t\t\t\t\t\t\t\t\t\t\t\t\t\t<span class=\"ac_open_cl_icon fa fa-plus\"><\/span>\r\n\t\t\t\t\t\t\t\t\t\r\n\t\t\t\t\t\t\t\t \r\n\t\t\t\t\t\t\t\t<span class=\"ac_title_class\">\r\n\t\t\t\t\t\t\t\t\t\t\t\t\t\t\t\t\t\t\t\t<span style=\"margin-right:6px;\" class=\"fa fa-angle-right\"><\/span>\r\n\t\t\t\t\t\t\t\t\t2\u00aa Via de Hist\u00f3rico Escolar\t\t\t\t\t\t\t\t<\/span>\r\n\t\t\t\t\t\t\t<\/a>\r\n\t\t\t\t\t\t  <\/h4>\r\n\t\t\t\t\t\t<\/div>\r\n\t\t\t\t\t\t<div id=\"ac_1947_collapse7\" class=\"wpsm_panel-collapse collapse \"  >\r\n\t\t\t\t\t\t  <div class=\"wpsm_panel-body\">\r\n\t\t\t\t\t\t\t2\u00aa Via de Hist\u00f3rico Escolar\r\nPara aquisi\u00e7\u00e3o da 2\u00aa via do Hist\u00f3rico, o aluno dever\u00e1 entrar com a solicita\u00e7\u00e3o diretamente no CRCA de seu Campus, atrav\u00e9s de requerimento anexando o comprovante de pagamento da taxa equivalente.\r\nPrazo de entrega: 10 dias \u00fateis\t\t\t\t\t\t  <\/div>\r\n\t\t\t\t\t\t<\/div>\r\n\t\t\t\t\t<\/div>\r\n\t\t\t\t\t<!-- Inner panel End -->\r\n\t\t\t\t\t\r\n\t\t\t\t\t\t\t\t\r\n\t\t\t\t\t<!-- Inner panel Start -->\r\n\t\t\t\t\t<div class=\"wpsm_panel wpsm_panel-default\">\r\n\t\t\t\t\t\t<div class=\"wpsm_panel-heading\" role=\"tab\" >\r\n\t\t\t\t\t\t  <h4 class=\"wpsm_panel-title\">\r\n\t\t\t\t\t\t\t<a  class=\"collapsed\"  data-toggle=\"collapse\" data-parent=\"#wpsm_accordion_1947 \" href=\"javascript:void(0)\" data-target=\"#ac_1947_collapse8\" onclick=\"do_resize()\">\r\n\t\t\t\t\t\t\t\t\t\t\t\t\t\t\t\t\t<span class=\"ac_open_cl_icon fa fa-plus\"><\/span>\r\n\t\t\t\t\t\t\t\t\t\r\n\t\t\t\t\t\t\t\t \r\n\t\t\t\t\t\t\t\t<span class=\"ac_title_class\">\r\n\t\t\t\t\t\t\t\t\t\t\t\t\t\t\t\t\t\t\t\t<span style=\"margin-right:6px;\" class=\"fa fa-angle-right\"><\/span>\r\n\t\t\t\t\t\t\t\t\t2\u00aa Via da Carteira Estudantil\t\t\t\t\t\t\t\t<\/span>\r\n\t\t\t\t\t\t\t<\/a>\r\n\t\t\t\t\t\t  <\/h4>\r\n\t\t\t\t\t\t<\/div>\r\n\t\t\t\t\t\t<div id=\"ac_1947_collapse8\" class=\"wpsm_panel-collapse collapse \"  >\r\n\t\t\t\t\t\t  <div class=\"wpsm_panel-body\">\r\n\t\t\t\t\t\t\t\u00c9 emitida a 2\u00aa Via da Carteira Estudantil mediante solicita\u00e7\u00e3o do pr\u00f3prio interessado atrav\u00e9s de:\r\n\u2013 Requerimento;\r\n\u2013 1(uma) foto 3 x 4 de frente e recente;\r\n\u2013 Boletim de Ocorr\u00eancia no caso de perda ou extravio;\r\n\u2013 C\u00f3pia de documento de identidade oficial com foto;\r\n\u2013 Comprovante de matr\u00edcula;\r\n\u2013 Comprovante de pagamento da taxa.\r\n\r\nPara obter o formul\u00e1rio de requerimento <a href=\"https:\/\/dca.uepa.br\/wp-content\/uploads\/2022\/02\/2a_Via_Carteira_Estudantil_-_Resolucao_001-2018_PROGESP-UEPA.pdf\" target=\"_blank\" rel=\"noopener\">Clique Aqui<\/a>.\t\t\t\t\t\t  <\/div>\r\n\t\t\t\t\t\t<\/div>\r\n\t\t\t\t\t<\/div>\r\n\t\t\t\t\t<!-- Inner panel End -->\r\n\t\t\t\t\t\r\n\t\t\t\t\t\t\t\t\r\n\t\t\t\t\t<!-- Inner panel Start -->\r\n\t\t\t\t\t<div class=\"wpsm_panel wpsm_panel-default\">\r\n\t\t\t\t\t\t<div class=\"wpsm_panel-heading\" role=\"tab\" >\r\n\t\t\t\t\t\t  <h4 class=\"wpsm_panel-title\">\r\n\t\t\t\t\t\t\t<a  class=\"collapsed\"  data-toggle=\"collapse\" data-parent=\"#wpsm_accordion_1947 \" href=\"javascript:void(0)\" data-target=\"#ac_1947_collapse9\" onclick=\"do_resize()\">\r\n\t\t\t\t\t\t\t\t\t\t\t\t\t\t\t\t\t<span class=\"ac_open_cl_icon fa fa-plus\"><\/span>\r\n\t\t\t\t\t\t\t\t\t\r\n\t\t\t\t\t\t\t\t \r\n\t\t\t\t\t\t\t\t<span class=\"ac_title_class\">\r\n\t\t\t\t\t\t\t\t\t\t\t\t\t\t\t\t\t\t\t\t<span style=\"margin-right:6px;\" class=\"fa fa-angle-right\"><\/span>\r\n\t\t\t\t\t\t\t\t\t2\u00aa Via de Certificados\t\t\t\t\t\t\t\t<\/span>\r\n\t\t\t\t\t\t\t<\/a>\r\n\t\t\t\t\t\t  <\/h4>\r\n\t\t\t\t\t\t<\/div>\r\n\t\t\t\t\t\t<div id=\"ac_1947_collapse9\" class=\"wpsm_panel-collapse collapse \"  >\r\n\t\t\t\t\t\t  <div class=\"wpsm_panel-body\">\r\n\t\t\t\t\t\t\tDeve ser solicitado atrav\u00e9s de requerimento no CRCA do Campus de origem.\r\nO boleto para pagamento da taxa deve ser solicitado no Protocolo do respectivo curso.\r\nDocumentos Necess\u00e1rios: <a href=\"https:\/\/dca.uepa.br\/wp-content\/uploads\/2022\/02\/Resolucao_3272_Consolidada.pdf\" target=\"_blank\" rel=\"noopener\">Resolu\u00e7\u00e3o n\u00ba 3272\/18-CONSUN de 29\/01\/2018.<\/a>\r\n\u2013 Comprovante de pagamento da taxa ;\r\n\u2013 C\u00f3pia leg\u00edvel do RG e CPF;\r\n\u2013 C\u00f3pia da certid\u00e3o de Nascimento e\/ou Certid\u00e3o de Casamento;\r\n\u2013 Quando o Certificado estiver danificado ou rasgado (anexar o Certificado Original e justificativa);\r\n\u2013 Quando tratar-se de perda ou roubo,anexar o Boletim de Ocorr\u00eancia Policial e c\u00f3pia leg\u00edvel do Certificado (frente e verso), se tiver. Na impossibilidade, informar o per\u00edodo da realiza\u00e7\u00e3o do curso\r\nPRAZO DE ENTREGA: 30 dias \u00fateis\t\t\t\t\t\t  <\/div>\r\n\t\t\t\t\t\t<\/div>\r\n\t\t\t\t\t<\/div>\r\n\t\t\t\t\t<!-- Inner panel End -->\r\n\t\t\t\t\t\r\n\t\t\t\t\t\t\t\t\r\n\t\t\t\t\t<!-- Inner panel Start -->\r\n\t\t\t\t\t<div class=\"wpsm_panel wpsm_panel-default\">\r\n\t\t\t\t\t\t<div class=\"wpsm_panel-heading\" role=\"tab\" >\r\n\t\t\t\t\t\t  <h4 class=\"wpsm_panel-title\">\r\n\t\t\t\t\t\t\t<a  class=\"collapsed\"  data-toggle=\"collapse\" data-parent=\"#wpsm_accordion_1947 \" href=\"javascript:void(0)\" data-target=\"#ac_1947_collapse10\" onclick=\"do_resize()\">\r\n\t\t\t\t\t\t\t\t\t\t\t\t\t\t\t\t\t<span class=\"ac_open_cl_icon fa fa-plus\"><\/span>\r\n\t\t\t\t\t\t\t\t\t\r\n\t\t\t\t\t\t\t\t \r\n\t\t\t\t\t\t\t\t<span class=\"ac_title_class\">\r\n\t\t\t\t\t\t\t\t\t\t\t\t\t\t\t\t\t\t\t\t<span style=\"margin-right:6px;\" class=\"fa fa-angle-right\"><\/span>\r\n\t\t\t\t\t\t\t\t\t2\u00aa Via de Diploma\t\t\t\t\t\t\t\t<\/span>\r\n\t\t\t\t\t\t\t<\/a>\r\n\t\t\t\t\t\t  <\/h4>\r\n\t\t\t\t\t\t<\/div>\r\n\t\t\t\t\t\t<div id=\"ac_1947_collapse10\" class=\"wpsm_panel-collapse collapse \"  >\r\n\t\t\t\t\t\t  <div class=\"wpsm_panel-body\">\r\n\t\t\t\t\t\t\tA 1\u00aa via do Diploma na UEPA \u00e9 entregue no ato da solenidade de outorga do grau, o que \u00e9 uma concess\u00e3o feita pela Universidade desde que obedecidos todos os prazos de entrega da documenta\u00e7\u00e3o necess\u00e1ria pelo CRCA do Campus do qual o aluno faz parte.\r\nA 2\u00aa via \u00e9 concedida aos que por ventura tenham perdido ou danificado os referidos Diplomas, e \u00e9 feita atrav\u00e9s de tr\u00e2mite especifico, sendo necess\u00e1rio para isso, a entrega dos documentos abaixo, conforme o caso de Gradua\u00e7\u00e3o ou P\u00f3s gradua\u00e7\u00e3o, sendo:\r\nDocumentos necess\u00e1rios: <a href=\"https:\/\/dca.uepa.br\/wp-content\/uploads\/2022\/02\/Resolucao_3272_Consolidada.pdf\" target=\"_blank\" rel=\"noopener\">Resolu\u00e7\u00e3o n\u00ba 3272\/18 \u2013 CONSUN de 29\/01\/2018.<\/a>\r\n\u2013 Requerimento\r\n\u2013 Comprovante de pagamento da taxa;\r\n\u2013 C\u00f3pia leg\u00edvel do RG e CPF;\r\n\u2013 Certid\u00e3o de Nascimento e\/ou Certid\u00e3o de Casamento;\r\n\u2013 C\u00f3pia legivel do hist\u00f3rico escolar da gradua\u00e7\u00e3o, especializa\u00e7\u00e3o (PARA MESTRADO E\/OU DOUTORADO)\r\n\r\nPara Diploma danificado al\u00e9m dos documentos acima anexar o Diploma Original e justificativa, na impossibilidade, informar a data da cola\u00e7\u00e3o de grau;\r\nPerda ou roubo anexar tamb\u00e9m o Boletim de Ocorr\u00eancia Policial;\r\nNunca grampear nem perfurar o diploma.\r\nPRAZO DE ENTREGA: 60 dias.\t\t\t\t\t\t  <\/div>\r\n\t\t\t\t\t\t<\/div>\r\n\t\t\t\t\t<\/div>\r\n\t\t\t\t\t<!-- Inner panel End -->\r\n\t\t\t\t\t\r\n\t\t\t\t\t\t\t<\/div>\r\n\t\t\t\r\n<script type=\"text\/javascript\">\r\n\t\r\n\t\tfunction do_resize(){\r\n\r\n\t\t\tvar width=jQuery( '.wpsm_panel .wpsm_panel-body iframe' ).width();\r\n\t\t\tvar height=jQuery( '.wpsm_panel .wpsm_panel-body iframe' ).height();\r\n\r\n\t\t\tvar toggleSize = true;\r\n\t\t\tjQuery('iframe').animate({\r\n\t\t\t    width: toggleSize ? width : 640,\r\n\t\t\t    height: toggleSize ? height : 360\r\n\t\t\t  }, 250);\r\n\r\n\t\t\t  toggleSize = !toggleSize;\r\n\t\t}\r\n\t\t\r\n<\/script>\t\n<\/div><\/div>\n","protected":false},"excerpt":{"rendered":"<p>Servi\u00e7os<\/p>\n","protected":false},"author":1,"featured_media":0,"parent":0,"menu_order":0,"comment_status":"closed","ping_status":"closed","template":"","meta":{"_uag_custom_page_level_css":"","site-sidebar-layout":"default","site-content-layout":"","ast-site-content-layout":"","site-content-style":"default","site-sidebar-style":"default","ast-global-header-display":"","ast-banner-title-visibility":"","ast-main-header-display":"enabled","ast-hfb-above-header-display":"","ast-hfb-below-header-display":"","ast-hfb-mobile-header-display":"","site-post-title":"disabled","ast-breadcrumbs-content":"","ast-featured-img":"","footer-sml-layout":"","theme-transparent-header-meta":"","adv-header-id-meta":null,"stick-header-meta":null,"header-above-stick-meta":null,"header-main-stick-meta":null,"header-below-stick-meta":null,"astra-migrate-meta-layouts":"","ast-page-background-enabled":"default","ast-page-background-meta":{"desktop":{"background-color":"var(--ast-global-color-4)","background-image":"","background-repeat":"repeat","background-position":"center center","background-size":"auto","background-attachment":"scroll","background-type":"","background-media":"","overlay-type":"","overlay-color":"","overlay-gradient":""},"tablet":{"background-color":"","background-image":"","background-repeat":"repeat","background-position":"center center","background-size":"auto","background-attachment":"scroll","background-type":"","background-media":"","overlay-type":"","overlay-color":"","overlay-gradient":""},"mobile":{"background-color":"","background-image":"","background-repeat":"repeat","background-position":"center center","background-size":"auto","background-attachment":"scroll","background-type":"","background-media":"","overlay-type":"","overlay-color":"","overlay-gradient":""}},"ast-content-background-meta":{"desktop":{"background-color":"var(--ast-global-color-5)","background-image":"","background-repeat":"repeat","background-position":"center center","background-size":"auto","background-attachment":"scroll","background-type":"","background-media":"","overlay-type":"","overlay-color":"","overlay-gradient":""},"tablet":{"background-color":"var(--ast-global-color-5)","background-image":"","background-repeat":"repeat","background-position":"center center","background-size":"auto","background-attachment":"scroll","background-type":"","background-media":"","overlay-type":"","overlay-color":"","overlay-gradient":""},"mobile":{"background-color":"var(--ast-global-color-5)","background-image":"","background-repeat":"repeat","background-position":"center center","background-size":"auto","background-attachment":"scroll","background-type":"","background-media":"","overlay-type":"","overlay-color":"","overlay-gradient":""}},"footnotes":""},"class_list":["post-1807","page","type-page","status-publish","hentry"],"uagb_featured_image_src":{"full":false,"thumbnail":false,"medium":false,"medium_large":false,"large":false,"1536x1536":false,"2048x2048":false},"uagb_author_info":{"display_name":"admin@uepa.br","author_link":"https:\/\/dca.uepa.br\/index.php\/author\/adminuepa-br\/"},"uagb_comment_info":0,"uagb_excerpt":"Servi\u00e7os","_links":{"self":[{"href":"https:\/\/dca.uepa.br\/index.php\/wp-json\/wp\/v2\/pages\/1807","targetHints":{"allow":["GET"]}}],"collection":[{"href":"https:\/\/dca.uepa.br\/index.php\/wp-json\/wp\/v2\/pages"}],"about":[{"href":"https:\/\/dca.uepa.br\/index.php\/wp-json\/wp\/v2\/types\/page"}],"author":[{"embeddable":true,"href":"https:\/\/dca.uepa.br\/index.php\/wp-json\/wp\/v2\/users\/1"}],"replies":[{"embeddable":true,"href":"https:\/\/dca.uepa.br\/index.php\/wp-json\/wp\/v2\/comments?post=1807"}],"version-history":[{"count":5,"href":"https:\/\/dca.uepa.br\/index.php\/wp-json\/wp\/v2\/pages\/1807\/revisions"}],"predecessor-version":[{"id":2217,"href":"https:\/\/dca.uepa.br\/index.php\/wp-json\/wp\/v2\/pages\/1807\/revisions\/2217"}],"wp:attachment":[{"href":"https:\/\/dca.uepa.br\/index.php\/wp-json\/wp\/v2\/media?parent=1807"}],"curies":[{"name":"wp","href":"https:\/\/api.w.org\/{rel}","templated":true}]}}