{"id":1482,"date":"2022-03-04T17:37:43","date_gmt":"2022-03-04T20:37:43","guid":{"rendered":"https:\/\/paginas.uepa.br\/dca\/?page_id=1482"},"modified":"2026-04-16T11:47:00","modified_gmt":"2026-04-16T14:47:00","slug":"vinculos-institucionais","status":"publish","type":"page","link":"https:\/\/dca.uepa.br\/index.php\/vinculos-institucionais\/","title":{"rendered":"V\u00ednculos Institucionais"},"content":{"rendered":"\n<div class=\"wp-block-uagb-container uagb-block-d61c861c alignfull uagb-is-root-container\"><div class=\"uagb-container-inner-blocks-wrap\">\n<div class=\"wp-block-uagb-advanced-heading uagb-block-bf5ee1c9\"><h1 class=\"uagb-heading-text\">V\u00ednculos Institucionais<\/h1><div class=\"uagb-separator\"><\/div><\/div>\n\n\n\t\t\t\t\t\t<style>\r\n\t\t\t\t<style>\r\n#wpsm_accordion_2028 .wpsm_panel-heading{\r\n\tpadding:0px !important;\r\n}\r\n#wpsm_accordion_2028 .wpsm_panel-title {\r\n\tmargin:0px !important; \r\n\ttext-transform:none !important;\r\n\tline-height: 1 !important;\r\n}\r\n#wpsm_accordion_2028 .wpsm_panel-title a{\r\n\ttext-decoration:none;\r\n\toverflow:hidden;\r\n\tdisplay:block;\r\n\tpadding:0px;\r\n\tfont-size: 18px !important;\r\n\tfont-family: Open Sans !important;\r\n\tcolor:#000000 !important;\r\n\tborder-bottom:0px !important;\r\n}\r\n\r\n#wpsm_accordion_2028 .wpsm_panel-title a:focus {\r\noutline: 0px !important;\r\n}\r\n\r\n#wpsm_accordion_2028 .wpsm_panel-title a:hover, #wpsm_accordion_2028 .wpsm_panel-title a:focus {\r\n\tcolor:#000000 !important;\r\n}\r\n#wpsm_accordion_2028 .acc-a{\r\n\tcolor: #000000 !important;\r\n\tbackground-color:#e8e8e8 !important;\r\n\tborder-color: #ddd;\r\n}\r\n#wpsm_accordion_2028 .wpsm_panel-default > .wpsm_panel-heading{\r\n\tcolor: #000000 !important;\r\n\tbackground-color: #e8e8e8 !important;\r\n\tborder-color: #e8e8e8 !important;\r\n\tborder-top-left-radius: 0px;\r\n\tborder-top-right-radius: 0px;\r\n}\r\n#wpsm_accordion_2028 .wpsm_panel-default {\r\n\t\tborder:1px solid transparent !important;\r\n\t}\r\n#wpsm_accordion_2028 {\r\n\tmargin-bottom: 20px;\r\n\toverflow: hidden;\r\n\tfloat: none;\r\n\twidth: 100%;\r\n\tdisplay: block;\r\n}\r\n#wpsm_accordion_2028 .ac_title_class{\r\n\tdisplay: block;\r\n\tpadding-top: 12px;\r\n\tpadding-bottom: 12px;\r\n\tpadding-left: 15px;\r\n\tpadding-right: 15px;\r\n}\r\n#wpsm_accordion_2028  .wpsm_panel {\r\n\toverflow:hidden;\r\n\t-webkit-box-shadow: 0 0px 0px rgba(0, 0, 0, .05);\r\n\tbox-shadow: 0 0px 0px rgba(0, 0, 0, .05);\r\n\t\tborder-radius: 4px;\r\n\t}\r\n#wpsm_accordion_2028  .wpsm_panel + .wpsm_panel {\r\n\t\tmargin-top: 5px;\r\n\t}\r\n#wpsm_accordion_2028  .wpsm_panel-body{\r\n\tbackground-color:#ffffff !important;\r\n\tcolor:#000000 !important;\r\n\tborder-top-color: #e8e8e8 !important;\r\n\tfont-size:16px !important;\r\n\tfont-family: Open Sans !important;\r\n\toverflow: hidden;\r\n\t\tborder: 2px solid #e8e8e8 !important;\r\n\t}\r\n\r\n#wpsm_accordion_2028 .ac_open_cl_icon{\r\n\tbackground-color:#e8e8e8 !important;\r\n\tcolor: #000000 !important;\r\n\tfloat:right !important;\r\n\tpadding-top: 12px !important;\r\n\tpadding-bottom: 12px !important;\r\n\tline-height: 1.0 !important;\r\n\tpadding-left: 15px !important;\r\n\tpadding-right: 15px !important;\r\n\tdisplay: inline-block !important;\r\n}\r\n\r\n\t\t\t\r\n\t\t\t<\/style>\t\r\n\t\t\t<\/style>\r\n\t\t\t<div class=\"wpsm_panel-group\" id=\"wpsm_accordion_2028\" >\r\n\t\t\t\t\t\t\t\t\r\n\t\t\t\t\t<!-- Inner panel Start -->\r\n\t\t\t\t\t<div class=\"wpsm_panel wpsm_panel-default\">\r\n\t\t\t\t\t\t<div class=\"wpsm_panel-heading\" role=\"tab\" >\r\n\t\t\t\t\t\t  <h4 class=\"wpsm_panel-title\">\r\n\t\t\t\t\t\t\t<a  class=\"\"  data-toggle=\"collapse\" data-parent=\"#wpsm_accordion_2028 \" href=\"javascript:void(0)\" data-target=\"#ac_2028_collapse1\" onclick=\"do_resize()\">\r\n\t\t\t\t\t\t\t\t\t\t\t\t\t\t\t\t\t<span class=\"ac_open_cl_icon fa fa-minus\"><\/span>\r\n\t\t\t\t\t\t\t\t\t\r\n\t\t\t\t\t\t\t\t \r\n\t\t\t\t\t\t\t\t<span class=\"ac_title_class\">\r\n\t\t\t\t\t\t\t\t\t\t\t\t\t\t\t\t\t\t\t\t<span style=\"margin-right:6px;\" class=\"fa fa-angle-right\"><\/span>\r\n\t\t\t\t\t\t\t\t\tAbono de Faltas\t\t\t\t\t\t\t\t<\/span>\r\n\t\t\t\t\t\t\t<\/a>\r\n\t\t\t\t\t\t  <\/h4>\r\n\t\t\t\t\t\t<\/div>\r\n\t\t\t\t\t\t<div id=\"ac_2028_collapse1\" class=\"wpsm_panel-collapse collapse in\"  >\r\n\t\t\t\t\t\t  <div class=\"wpsm_panel-body\">\r\n\t\t\t\t\t\t\tN\u00e3o existe abono de faltas na legisla\u00e7\u00e3o educacional brasileira. Qualquer falta do aluno, independente do motivo, deve ser considerada e lan\u00e7ada no di\u00e1rio. Para alguns casos, a legisla\u00e7\u00e3o prev\u00ea Tratamento Especial, sendo que nem esses casos caracterizam abono de faltas. Devendo haver atividades compensat\u00f3rias, inclusive domiciliares:\r\n<br \/>\r\na)  Tratamento de Sa\u00fade: O Decreto-Lei n\u00ba 1.044\/69 disp\u00f5e sobre o tratamento excepcional para os alunos portadores das afec\u00e7\u00f5es que indica e determina que se deve atribuir-lhes, como compensa\u00e7\u00e3o da aus\u00eancia \u00e0s aulas, exerc\u00edcios domiciliares com acompanhamento da escola, sempre que compat\u00edveis com seu estado de sa\u00fade e as possibilidades do estabelecimento. O atestado m\u00e9dico dever\u00e1 conter o CID e o tempo necess\u00e1rio para o afastamento.\r\n<br \/>\r\nb)    Licen\u00e7a Maternidade: A Lei n\u00ba 6.202\/75 atribui \u00e0 estudante em estado de gesta\u00e7\u00e3o o regime de exerc\u00edcios domiciliares, institu\u00eddo no Decreto-Lei n\u00ba 1.044\/69 e determina que a partir do 8\u00ba m\u00eas de gesta\u00e7\u00e3o e durante tr\u00eas meses a estudante ficar\u00e1 assistida pelo regime de exerc\u00edcios domiciliares, o que ser\u00e1 comprovado por atestado m\u00e9dico apresentado \u00e0 Institui\u00e7\u00e3o de Ensino.\r\n<br \/>\r\nc)    Reservista: O Decreto-Lei n\u00ba 715\/69 assegura o abono de faltas para todo convocado matriculado em \u00d3rg\u00e3o de Forma\u00e7\u00e3o de Reserva ou reservista que seja obrigado a faltar \u00e0s suas atividades civis por for\u00e7a de exerc\u00edcio ou manobra, exerc\u00edcio de apresenta\u00e7\u00e3o das reservas ou cerim\u00f4nias c\u00edvicas. O Decreto n\u00ba 85.587\/80 estende esta justificativa para o Oficial ou Aspirante-a-Oficial da Reserva, convocado para o servi\u00e7o ativo, desde que apresente o devido comprovante. A lei n\u00e3o ampara o militar de carreira; portanto, suas faltas, mesmo que independentes de sua vontade, n\u00e3o ter\u00e3o direito a abono.\r\n<br \/>\r\nd)    <a href=\"https:\/\/dca.uepa.br\/wp-content\/uploads\/2026\/04\/RESOLUCAO-4240-ASSINADA-1.pdf\" target=\"_blank\">Resolu\u00e7\u00e3o n\u00ba 4240\/24-CONSUN, 18 de dezembro de 2024<\/a>: Estabelece normas para o abono de faltas dos alunos dos cursos de gradua\u00e7\u00e3o da Universidade do Estado do Par\u00e1. \t\t\t\t\t\t  <\/div>\r\n\t\t\t\t\t\t<\/div>\r\n\t\t\t\t\t<\/div>\r\n\t\t\t\t\t<!-- Inner panel End -->\r\n\t\t\t\t\t\r\n\t\t\t\t\t\t\t\t\r\n\t\t\t\t\t<!-- Inner panel Start -->\r\n\t\t\t\t\t<div class=\"wpsm_panel wpsm_panel-default\">\r\n\t\t\t\t\t\t<div class=\"wpsm_panel-heading\" role=\"tab\" >\r\n\t\t\t\t\t\t  <h4 class=\"wpsm_panel-title\">\r\n\t\t\t\t\t\t\t<a  class=\"collapsed\"  data-toggle=\"collapse\" data-parent=\"#wpsm_accordion_2028 \" href=\"javascript:void(0)\" data-target=\"#ac_2028_collapse2\" onclick=\"do_resize()\">\r\n\t\t\t\t\t\t\t\t\t\t\t\t\t\t\t\t\t<span class=\"ac_open_cl_icon fa fa-plus\"><\/span>\r\n\t\t\t\t\t\t\t\t\t\r\n\t\t\t\t\t\t\t\t \r\n\t\t\t\t\t\t\t\t<span class=\"ac_title_class\">\r\n\t\t\t\t\t\t\t\t\t\t\t\t\t\t\t\t\t\t\t\t<span style=\"margin-right:6px;\" class=\"fa fa-angle-right\"><\/span>\r\n\t\t\t\t\t\t\t\t\tAbandono ou Evas\u00e3o\t\t\t\t\t\t\t\t<\/span>\r\n\t\t\t\t\t\t\t<\/a>\r\n\t\t\t\t\t\t  <\/h4>\r\n\t\t\t\t\t\t<\/div>\r\n\t\t\t\t\t\t<div id=\"ac_2028_collapse2\" class=\"wpsm_panel-collapse collapse \"  >\r\n\t\t\t\t\t\t  <div class=\"wpsm_panel-body\">\r\n\t\t\t\t\t\t\tA n\u00e3o renova\u00e7\u00e3o de matr\u00edcula semestral ou anualmente, nos per\u00edodos previstos no Calend\u00e1rio Acad\u00eamico  de cada Centro ou Campus, caracteriza a perda do v\u00ednculo com a Universidade sendo considerado abandono de curso, e consequentemente da vaga na Institui\u00e7\u00e3o.<br \/>\r\nOs CRCA`s dever\u00e3o providenciar a listagem anual dos discentes que n\u00e3o efetivaram as suas respectivas matr\u00edculas e encaminharem a  DCA, assim como, atualizar no sistema SIGA desta IES, a situa\u00e7\u00e3o de ABANDONO dos discentes nessas condi\u00e7\u00f5es.\t\t\t\t\t\t  <\/div>\r\n\t\t\t\t\t\t<\/div>\r\n\t\t\t\t\t<\/div>\r\n\t\t\t\t\t<!-- Inner panel End -->\r\n\t\t\t\t\t\r\n\t\t\t\t\t\t\t\t\r\n\t\t\t\t\t<!-- Inner panel Start -->\r\n\t\t\t\t\t<div class=\"wpsm_panel wpsm_panel-default\">\r\n\t\t\t\t\t\t<div class=\"wpsm_panel-heading\" role=\"tab\" >\r\n\t\t\t\t\t\t  <h4 class=\"wpsm_panel-title\">\r\n\t\t\t\t\t\t\t<a  class=\"collapsed\"  data-toggle=\"collapse\" data-parent=\"#wpsm_accordion_2028 \" href=\"javascript:void(0)\" data-target=\"#ac_2028_collapse3\" onclick=\"do_resize()\">\r\n\t\t\t\t\t\t\t\t\t\t\t\t\t\t\t\t\t<span class=\"ac_open_cl_icon fa fa-plus\"><\/span>\r\n\t\t\t\t\t\t\t\t\t\r\n\t\t\t\t\t\t\t\t \r\n\t\t\t\t\t\t\t\t<span class=\"ac_title_class\">\r\n\t\t\t\t\t\t\t\t\t\t\t\t\t\t\t\t\t\t\t\t<span style=\"margin-right:6px;\" class=\"fa fa-angle-right\"><\/span>\r\n\t\t\t\t\t\t\t\t\tAproveitamento e Adapta\u00e7\u00f5es de Estudos\t\t\t\t\t\t\t\t<\/span>\r\n\t\t\t\t\t\t\t<\/a>\r\n\t\t\t\t\t\t  <\/h4>\r\n\t\t\t\t\t\t<\/div>\r\n\t\t\t\t\t\t<div id=\"ac_2028_collapse3\" class=\"wpsm_panel-collapse collapse \"  >\r\n\t\t\t\t\t\t  <div class=\"wpsm_panel-body\">\r\n\t\t\t\t\t\t\tO aproveitamento de cr\u00e9ditos e adapta\u00e7\u00e3o curricular \u00e9 o reconhecimento por equival\u00eancia dos estudos de componentes curriculares, cursados em outra Institui\u00e7\u00e3o de Ensino Superior ou na pr\u00f3pria Universidade do Estado do Par\u00e1 \u2013 UEPA, previstos no curr\u00edculo do curso no qual o discente seja matriculado ap\u00f3s o ingresso por meio das transfer\u00eancias Ex-Oficio ou outras formas previstas no Art. 57 do Regimento Geral da UEPA. \u00c9 regulamentado pela Resolu\u00e7\u00e3o 2459\/12 \u2013 CONSUN de 22 de Agosto de 2012.\t\t\t\t\t\t  <\/div>\r\n\t\t\t\t\t\t<\/div>\r\n\t\t\t\t\t<\/div>\r\n\t\t\t\t\t<!-- Inner panel End -->\r\n\t\t\t\t\t\r\n\t\t\t\t\t\t\t\t\r\n\t\t\t\t\t<!-- Inner panel Start -->\r\n\t\t\t\t\t<div class=\"wpsm_panel wpsm_panel-default\">\r\n\t\t\t\t\t\t<div class=\"wpsm_panel-heading\" role=\"tab\" >\r\n\t\t\t\t\t\t  <h4 class=\"wpsm_panel-title\">\r\n\t\t\t\t\t\t\t<a  class=\"collapsed\"  data-toggle=\"collapse\" data-parent=\"#wpsm_accordion_2028 \" href=\"javascript:void(0)\" data-target=\"#ac_2028_collapse4\" onclick=\"do_resize()\">\r\n\t\t\t\t\t\t\t\t\t\t\t\t\t\t\t\t\t<span class=\"ac_open_cl_icon fa fa-plus\"><\/span>\r\n\t\t\t\t\t\t\t\t\t\r\n\t\t\t\t\t\t\t\t \r\n\t\t\t\t\t\t\t\t<span class=\"ac_title_class\">\r\n\t\t\t\t\t\t\t\t\t\t\t\t\t\t\t\t\t\t\t\t<span style=\"margin-right:6px;\" class=\"fa fa-angle-right\"><\/span>\r\n\t\t\t\t\t\t\t\t\tCola\u00e7\u00e3o de Grau\t\t\t\t\t\t\t\t<\/span>\r\n\t\t\t\t\t\t\t<\/a>\r\n\t\t\t\t\t\t  <\/h4>\r\n\t\t\t\t\t\t<\/div>\r\n\t\t\t\t\t\t<div id=\"ac_2028_collapse4\" class=\"wpsm_panel-collapse collapse \"  >\r\n\t\t\t\t\t\t  <div class=\"wpsm_panel-body\">\r\n\t\t\t\t\t\t\t\u201cA cola\u00e7\u00e3o de grau \u00e9 o ato oficial e solene, realizado em sess\u00e3o p\u00fablica, presidida pelo Reitor\u201d ( Art. 149- Regimento geral da UEPA),\u00e9 condi\u00e7\u00e3o que o aluno tenha integralizado todas as disciplinas de seu curso  e estas estejam  devidamente registradas no CRCA, sendo o ato \u201c(\u2026)  obrigat\u00f3rio e integra as atividades do curso de gradua\u00e7\u00e3o\u201d (Art. 149-\u00a7 1\u00ba do Regimento Geral da UEPA).<br \/>\r\nA UEPA tem por tradi\u00e7\u00e3o entregar o Diploma de conclus\u00e3o no ato da solenidade de Cola\u00e7\u00e3o de grau, desde que obedecidas as Regras b\u00e1sicas e os prazos determinados, cabendo aos CRCAs o envio \u00e0 DCA de toda documenta\u00e7\u00e3o do aluno, acompanhado da Pr\u00e9 Lauda, no prazo m\u00ednimo de 60 dias antes do ato solene.<br \/>\r\nQuanto a solenidade ainda \u00e9 importante ressaltar que \u201cA cola\u00e7\u00e3o de grau, referida neste artigo, ser\u00e1 no poss\u00edvel, conjunta para todos os cursos da Universidade, cabendo ao Reitor a outorga dos respectivos graus\u201d- Art 149-\u00a7 2\u00ba Regimento Geral da UEPA.<br \/>\r\n\r\nRegulamentada pela Resolu\u00e7\u00e3o N\u00ba 2977\/16-CONSUN, de 22 de Junho de 2016.\t\t\t\t\t\t  <\/div>\r\n\t\t\t\t\t\t<\/div>\r\n\t\t\t\t\t<\/div>\r\n\t\t\t\t\t<!-- Inner panel End -->\r\n\t\t\t\t\t\r\n\t\t\t\t\t\t\t\t\r\n\t\t\t\t\t<!-- Inner panel Start -->\r\n\t\t\t\t\t<div class=\"wpsm_panel wpsm_panel-default\">\r\n\t\t\t\t\t\t<div class=\"wpsm_panel-heading\" role=\"tab\" >\r\n\t\t\t\t\t\t  <h4 class=\"wpsm_panel-title\">\r\n\t\t\t\t\t\t\t<a  class=\"collapsed\"  data-toggle=\"collapse\" data-parent=\"#wpsm_accordion_2028 \" href=\"javascript:void(0)\" data-target=\"#ac_2028_collapse5\" onclick=\"do_resize()\">\r\n\t\t\t\t\t\t\t\t\t\t\t\t\t\t\t\t\t<span class=\"ac_open_cl_icon fa fa-plus\"><\/span>\r\n\t\t\t\t\t\t\t\t\t\r\n\t\t\t\t\t\t\t\t \r\n\t\t\t\t\t\t\t\t<span class=\"ac_title_class\">\r\n\t\t\t\t\t\t\t\t\t\t\t\t\t\t\t\t\t\t\t\t<span style=\"margin-right:6px;\" class=\"fa fa-angle-right\"><\/span>\r\n\t\t\t\t\t\t\t\t\tCola\u00e7\u00e3o de Grau na Secretaria\t\t\t\t\t\t\t\t<\/span>\r\n\t\t\t\t\t\t\t<\/a>\r\n\t\t\t\t\t\t  <\/h4>\r\n\t\t\t\t\t\t<\/div>\r\n\t\t\t\t\t\t<div id=\"ac_2028_collapse5\" class=\"wpsm_panel-collapse collapse \"  >\r\n\t\t\t\t\t\t  <div class=\"wpsm_panel-body\">\r\n\t\t\t\t\t\t\tCola\u00e7\u00e3o de grau na Secretaria\r\n<p style=\"text-align: left\">A cola\u00e7\u00e3o de grau na secretaria \u00e9 efetuada mediante requerimento do aluno, quando o mesmo integralizou todos os cr\u00e9ditos e n\u00e3o participou da solenidade de formatura.<br \/> \u201c\u00a7 3\u00ba \u2013 Em casos especiais e a requerimento dos interessados, poder\u00e1 o ato de cola\u00e7\u00e3o de grau realizar-se individualmente ou por grupo(\u2026)\u201dRegimento UEPA.<br \/>\r\nA realiza\u00e7\u00e3o da referida cerim\u00f4nia somente ocorrer\u00e1, ap\u00f3s a publica\u00e7\u00e3o da Portaria espec\u00edfica, na qual o Reitor designa quem ir\u00e1 conferir o grau ao formando.<br \/>\r\n\r\n<strong>Requisitos:<\/strong><br \/>\r\nRequerimento com anteced\u00eancia m\u00ednima de 15 dias anexando:<br \/>\r\n1) C\u00f3pia leg\u00edvel e autenticada de documento que justifique a solicita\u00e7\u00e3o.<br \/>\r\nExemplo: Aprova\u00e7\u00e3o em concurso p\u00fablico (c\u00f3pia da publica\u00e7\u00e3o no Di\u00e1rio Oficial da convoca\u00e7\u00e3o para a prova de t\u00edtulos ou homologa\u00e7\u00e3o do resultado final do concurso);<br \/>\r\n2) Comprovante de pagamento de taxa;<br \/>\r\n3) Preenchimento de pr\u00e9-lauda;<br \/>\r\n4) C\u00f3pia dos documentos pessoais e escolares;<br \/>\r\n5) Hist\u00f3rico do aluno.<\/p>\t\t\t\t\t\t  <\/div>\r\n\t\t\t\t\t\t<\/div>\r\n\t\t\t\t\t<\/div>\r\n\t\t\t\t\t<!-- Inner panel End -->\r\n\t\t\t\t\t\r\n\t\t\t\t\t\t\t\t\r\n\t\t\t\t\t<!-- Inner panel Start -->\r\n\t\t\t\t\t<div class=\"wpsm_panel wpsm_panel-default\">\r\n\t\t\t\t\t\t<div class=\"wpsm_panel-heading\" role=\"tab\" >\r\n\t\t\t\t\t\t  <h4 class=\"wpsm_panel-title\">\r\n\t\t\t\t\t\t\t<a  class=\"collapsed\"  data-toggle=\"collapse\" data-parent=\"#wpsm_accordion_2028 \" href=\"javascript:void(0)\" data-target=\"#ac_2028_collapse6\" onclick=\"do_resize()\">\r\n\t\t\t\t\t\t\t\t\t\t\t\t\t\t\t\t\t<span class=\"ac_open_cl_icon fa fa-plus\"><\/span>\r\n\t\t\t\t\t\t\t\t\t\r\n\t\t\t\t\t\t\t\t \r\n\t\t\t\t\t\t\t\t<span class=\"ac_title_class\">\r\n\t\t\t\t\t\t\t\t\t\t\t\t\t\t\t\t\t\t\t\t<span style=\"margin-right:6px;\" class=\"fa fa-angle-right\"><\/span>\r\n\t\t\t\t\t\t\t\t\tDesist\u00eancia de Vaga\t\t\t\t\t\t\t\t<\/span>\r\n\t\t\t\t\t\t\t<\/a>\r\n\t\t\t\t\t\t  <\/h4>\r\n\t\t\t\t\t\t<\/div>\r\n\t\t\t\t\t\t<div id=\"ac_2028_collapse6\" class=\"wpsm_panel-collapse collapse \"  >\r\n\t\t\t\t\t\t  <div class=\"wpsm_panel-body\">\r\n\t\t\t\t\t\t\tO discente maior de 18 anos poder\u00e1 assinar o Termo de Desist\u00eancia de Vaga. No caso ser menor de idade somente o respons\u00e1vel legal.\t\t\t\t\t\t  <\/div>\r\n\t\t\t\t\t\t<\/div>\r\n\t\t\t\t\t<\/div>\r\n\t\t\t\t\t<!-- Inner panel End -->\r\n\t\t\t\t\t\r\n\t\t\t\t\t\t\t\t\r\n\t\t\t\t\t<!-- Inner panel Start -->\r\n\t\t\t\t\t<div class=\"wpsm_panel wpsm_panel-default\">\r\n\t\t\t\t\t\t<div class=\"wpsm_panel-heading\" role=\"tab\" >\r\n\t\t\t\t\t\t  <h4 class=\"wpsm_panel-title\">\r\n\t\t\t\t\t\t\t<a  class=\"collapsed\"  data-toggle=\"collapse\" data-parent=\"#wpsm_accordion_2028 \" href=\"javascript:void(0)\" data-target=\"#ac_2028_collapse7\" onclick=\"do_resize()\">\r\n\t\t\t\t\t\t\t\t\t\t\t\t\t\t\t\t\t<span class=\"ac_open_cl_icon fa fa-plus\"><\/span>\r\n\t\t\t\t\t\t\t\t\t\r\n\t\t\t\t\t\t\t\t \r\n\t\t\t\t\t\t\t\t<span class=\"ac_title_class\">\r\n\t\t\t\t\t\t\t\t\t\t\t\t\t\t\t\t\t\t\t\t<span style=\"margin-right:6px;\" class=\"fa fa-angle-right\"><\/span>\r\n\t\t\t\t\t\t\t\t\tJubilamento\t\t\t\t\t\t\t\t<\/span>\r\n\t\t\t\t\t\t\t<\/a>\r\n\t\t\t\t\t\t  <\/h4>\r\n\t\t\t\t\t\t<\/div>\r\n\t\t\t\t\t\t<div id=\"ac_2028_collapse7\" class=\"wpsm_panel-collapse collapse \"  >\r\n\t\t\t\t\t\t  <div class=\"wpsm_panel-body\">\r\n\t\t\t\t\t\t\tA exclus\u00e3o dos alunos por jubilamento est\u00e1 de acordo com o disposto no Art. 52, Par\u00e1grafo 10 do Regimento Geral da Universidade que prev\u00ea que: \u201cA Coordena\u00e7\u00e3o de Curso deve recusar a   matr\u00edcula  do  aluno  que  n\u00e3o  concluir  o  curso  de  gradua\u00e7\u00e3o  no  prazo m\u00e1ximo de integraliza\u00e7\u00e3o estabelecido no respectivo  curr\u00edculo   do   curso\u201d, e  obedece  ao  previsto na Resolu\u00e7\u00e3o 3179\/17 \u2013 CONSUN de 23\/08\/20117, que determina o prazo m\u00e1ximo de perman\u00eancia para a conclus\u00e3o do curso e todas as normas sobre a a\u00e7\u00e3o.<br \/>\r\n\r\nOs procedimentos a serem adotados aos discentes que ultrapassam o prazo m\u00e1ximo de integraliza\u00e7\u00e3o est\u00e3o regulamentados na Resolu\u00e7\u00e3o citada. Cabe ao CRCA de cada Campi informar \u00e0 DCA a rela\u00e7\u00e3o de alunos que se encontram nessa condi\u00e7\u00e3o acad\u00eamica, para que sejam tomados os encaminhamentos cab\u00edveis.<br \/>\r\n\r\n<a href=\"https:\/\/dca.uepa.br\/wp-content\/uploads\/2022\/02\/DURACAO_DOS_CURSOS_E_INTEGRALIZACAO_CURRICULAR_2018.pdf\" rel=\"noopener\" target=\"_blank\">Dura\u00e7\u00e3o dos Cursos e integraliza\u00e7\u00e3o Curricular<\/a>\t\t\t\t\t\t  <\/div>\r\n\t\t\t\t\t\t<\/div>\r\n\t\t\t\t\t<\/div>\r\n\t\t\t\t\t<!-- Inner panel End -->\r\n\t\t\t\t\t\r\n\t\t\t\t\t\t\t\t\r\n\t\t\t\t\t<!-- Inner panel Start -->\r\n\t\t\t\t\t<div class=\"wpsm_panel wpsm_panel-default\">\r\n\t\t\t\t\t\t<div class=\"wpsm_panel-heading\" role=\"tab\" >\r\n\t\t\t\t\t\t  <h4 class=\"wpsm_panel-title\">\r\n\t\t\t\t\t\t\t<a  class=\"collapsed\"  data-toggle=\"collapse\" data-parent=\"#wpsm_accordion_2028 \" href=\"javascript:void(0)\" data-target=\"#ac_2028_collapse8\" onclick=\"do_resize()\">\r\n\t\t\t\t\t\t\t\t\t\t\t\t\t\t\t\t\t<span class=\"ac_open_cl_icon fa fa-plus\"><\/span>\r\n\t\t\t\t\t\t\t\t\t\r\n\t\t\t\t\t\t\t\t \r\n\t\t\t\t\t\t\t\t<span class=\"ac_title_class\">\r\n\t\t\t\t\t\t\t\t\t\t\t\t\t\t\t\t\t\t\t\t<span style=\"margin-right:6px;\" class=\"fa fa-angle-right\"><\/span>\r\n\t\t\t\t\t\t\t\t\tMatr\u00edcula em Mobilidade\t\t\t\t\t\t\t\t<\/span>\r\n\t\t\t\t\t\t\t<\/a>\r\n\t\t\t\t\t\t  <\/h4>\r\n\t\t\t\t\t\t<\/div>\r\n\t\t\t\t\t\t<div id=\"ac_2028_collapse8\" class=\"wpsm_panel-collapse collapse \"  >\r\n\t\t\t\t\t\t  <div class=\"wpsm_panel-body\">\r\n\t\t\t\t\t\t\t\u00c9 o v\u00ednculo do aluno \u00e0 Universidade e ao respectivo curso durante afastamento para realiza\u00e7\u00e3o de mobilidade internacional, em n\u00edvel de gradua\u00e7\u00e3o. A Matr\u00edcula em Modalidade \u00e9 regida pela Resolu\u00e7\u00e3o N\u00ba 2763\/14 \u2013 CONSUN, 29 de outubro de 2014.<br \/>\r\n\r\nArt. 5\u00ba \u2013 O aluno que se ausentar da UEPA para realizar Mobilidade Acad\u00eamica no exterior, dever\u00e1 manter sua matr\u00edcula na UEPA inscrito unicamente em \u201cComponentes Curriculares em MOBILIDADE\u201d.<br \/>\r\n\r\nArt. 6\u00ba \u2013 O aluno dever\u00e1 iniciar o curso e as atividades que pretende frequentar e submeter \u00e0 aprecia\u00e7\u00e3o pr\u00e9via do Colegiado de Curso de Gradua\u00e7\u00e3o e delibera\u00e7\u00e3o do Conselho de Centro, um \u201cContrato de Estudos\u201d com a rela\u00e7\u00e3o dos componentes curriculares que realizar\u00e1 na institui\u00e7\u00e3o destino, os programas e respectivas cargas hor\u00e1rias. Esse contrato dever\u00e1 se aprovado, previamente, pelas Institui\u00e7\u00f5es de origem e de destino.<br \/>\r\n\r\n\u00a71\u00ba \u2013 Os Colegiados de Curso dever\u00e3o considerar, na aprova\u00e7\u00e3o do Contrato do Estudo, a carga hor\u00e1ria e a presen\u00e7a dos conte\u00fados relevantes e significativos previstos na estrutura curricular do Curso de Origem.\r\n<p style=\"text-align: left\">\u00a72\u00ba \u2013 Os componentes curriculares constantes do Contrato de Estudos aprovado, de conformidade com o caput do artigo, ser\u00e3o uma vez cumpridos, aproveitados e inclu\u00eddos no Hist\u00f3rico Escolar do aluno.<br \/>\r\n\r\n<strong>A Matr\u00edcula em Modalidade \u00e9 efetivada pela Coodena\u00e7\u00e3o de Rela\u00e7\u00f5es Internacionais da UEPA, mediante entrega dos seguintes documentos:<\/strong><\/p>\r\n<p style=\"text-align: left\">1. Termo de Compromisso e Requerimento de Matr\u00edcula em Mobilidade Acad\u00eamica (formul\u00e1rio pr\u00f3prio, via original,datada e assinada pelo aluno);<\/p>\r\n<p style=\"text-align: left\">2. Carta de aceite da institui\u00e7\u00e3o de destino;<\/p>\r\n<p style=\"text-align: left\">3. Contrato de Estudos (ou plano de estudos), devidamente aprovado e assinado pela Coodena\u00e7\u00e3o do Curso de origem do aluno.<\/p>\t\t\t\t\t\t  <\/div>\r\n\t\t\t\t\t\t<\/div>\r\n\t\t\t\t\t<\/div>\r\n\t\t\t\t\t<!-- Inner panel End -->\r\n\t\t\t\t\t\r\n\t\t\t\t\t\t\t\t\r\n\t\t\t\t\t<!-- Inner panel Start -->\r\n\t\t\t\t\t<div class=\"wpsm_panel wpsm_panel-default\">\r\n\t\t\t\t\t\t<div class=\"wpsm_panel-heading\" role=\"tab\" >\r\n\t\t\t\t\t\t  <h4 class=\"wpsm_panel-title\">\r\n\t\t\t\t\t\t\t<a  class=\"collapsed\"  data-toggle=\"collapse\" data-parent=\"#wpsm_accordion_2028 \" href=\"javascript:void(0)\" data-target=\"#ac_2028_collapse9\" onclick=\"do_resize()\">\r\n\t\t\t\t\t\t\t\t\t\t\t\t\t\t\t\t\t<span class=\"ac_open_cl_icon fa fa-plus\"><\/span>\r\n\t\t\t\t\t\t\t\t\t\r\n\t\t\t\t\t\t\t\t \r\n\t\t\t\t\t\t\t\t<span class=\"ac_title_class\">\r\n\t\t\t\t\t\t\t\t\t\t\t\t\t\t\t\t\t\t\t\t<span style=\"margin-right:6px;\" class=\"fa fa-angle-right\"><\/span>\r\n\t\t\t\t\t\t\t\t\tMatr\u00edcula Fora do Prazo\t\t\t\t\t\t\t\t<\/span>\r\n\t\t\t\t\t\t\t<\/a>\r\n\t\t\t\t\t\t  <\/h4>\r\n\t\t\t\t\t\t<\/div>\r\n\t\t\t\t\t\t<div id=\"ac_2028_collapse9\" class=\"wpsm_panel-collapse collapse \"  >\r\n\t\t\t\t\t\t  <div class=\"wpsm_panel-body\">\r\n\t\t\t\t\t\t\tSolicitada atrav\u00e9s de requerimento, s\u00f3 poder\u00e1  ser acolhida, se protocolado dentro do per\u00edodo de  frequ\u00eancia m\u00ednima de 75%( Art. 65 do Regimento da UEPA), observado o Calend\u00e1rio Acad\u00eamico, de cada ano letivo, com documentos comprobat\u00f3rios de sua argumenta\u00e7\u00e3o na justificativa.<br \/>\r\nAtendidos os requisitos, os requerimentos dever\u00e3o ser encaminhados \u00e0 DCA para an\u00e1lise e parecer conclusivo.\t\t\t\t\t\t  <\/div>\r\n\t\t\t\t\t\t<\/div>\r\n\t\t\t\t\t<\/div>\r\n\t\t\t\t\t<!-- Inner panel End -->\r\n\t\t\t\t\t\r\n\t\t\t\t\t\t\t\t\r\n\t\t\t\t\t<!-- Inner panel Start -->\r\n\t\t\t\t\t<div class=\"wpsm_panel wpsm_panel-default\">\r\n\t\t\t\t\t\t<div class=\"wpsm_panel-heading\" role=\"tab\" >\r\n\t\t\t\t\t\t  <h4 class=\"wpsm_panel-title\">\r\n\t\t\t\t\t\t\t<a  class=\"collapsed\"  data-toggle=\"collapse\" data-parent=\"#wpsm_accordion_2028 \" href=\"javascript:void(0)\" data-target=\"#ac_2028_collapse10\" onclick=\"do_resize()\">\r\n\t\t\t\t\t\t\t\t\t\t\t\t\t\t\t\t\t<span class=\"ac_open_cl_icon fa fa-plus\"><\/span>\r\n\t\t\t\t\t\t\t\t\t\r\n\t\t\t\t\t\t\t\t \r\n\t\t\t\t\t\t\t\t<span class=\"ac_title_class\">\r\n\t\t\t\t\t\t\t\t\t\t\t\t\t\t\t\t\t\t\t\t<span style=\"margin-right:6px;\" class=\"fa fa-angle-right\"><\/span>\r\n\t\t\t\t\t\t\t\t\tMatr\u00edcula Gradua\u00e7\u00e3o\t\t\t\t\t\t\t\t<\/span>\r\n\t\t\t\t\t\t\t<\/a>\r\n\t\t\t\t\t\t  <\/h4>\r\n\t\t\t\t\t\t<\/div>\r\n\t\t\t\t\t\t<div id=\"ac_2028_collapse10\" class=\"wpsm_panel-collapse collapse \"  >\r\n\t\t\t\t\t\t  <div class=\"wpsm_panel-body\">\r\n\t\t\t\t\t\t\t\u00c9 o v\u00ednculo do aluno \u00e0 Universidade e ao curso para o qual foi aprovado no processo seletivo e deve ser renovada a cada ano e\/ou semestre letivo. Pelo ato de matr\u00edcula, que deve ser efetivada no pr\u00f3prio Campus, aceitam\u2010se as normas contidas no Estatuto e Regimento Geral da UEPA, cabe a DCA \u201cIV.planejar, acompanhar e avaliar, em articula\u00e7\u00e3o com as Coordena\u00e7\u00f5es de Curso, a execu\u00e7\u00e3o da matr\u00edcula\u201d ( Art. 14 do Regimento Geral da UEPA)<br \/>\r\nEncontrar-se-\u00e1 tamb\u00e9m informa\u00e7\u00f5es a respeito no Guia Acad\u00eamico.\r\nO per\u00edodo de matr\u00edcula \u00e9 estabelecido no Calend\u00e1rio Acad\u00eamico anual da Universidade devendo ser cumprida a data fixada para cada curso.<br \/>\r\n\r\nTipos de Matr\u00edcula:<br \/>\r\n*Matr\u00edcula inicial: candidatos classificados nos Processos Seletivos (Processo Seletivo Convencional e PRISE).\r\n*Renova\u00e7\u00e3o de matr\u00edcula: alunos que j\u00e1 cursam regularmente os Cursos da Universidade.\r\n*Matr\u00edcula de transferidos: alunos transferidos de outras IES, ex-officio, e havendo vagas, por meio de Processo Seletivo de Transfer\u00eancias Internas e Externas, comumente chamado de Vestibulinho.\r\n*Reativa\u00e7\u00e3o de matr\u00edcula de alunos que trancaram matr\u00edcula no ano anterior.<br \/>\r\n\r\n\u00c9 permitida a matr\u00edcula por meio de PROCURA\u00c7\u00c2O simples, devidamente acompanhada da c\u00f3pia do documento de identidade do outorgante e do preposto. Sob nenhuma hip\u00f3tese ser\u00e1 permitida a matr\u00edcula com documenta\u00e7\u00e3o incompleta.<br \/>\r\n\u00c9 proibida a matr\u00edcula em dois ou mais cursos de gradua\u00e7\u00e3o nesta IES conforme determinam o art. 54 do Regimento Geral desta IES e a Lei n\u00ba 12.089 de 11\/09\/2009 da Presid\u00eancia da Rep\u00fablica.\r\nObserva\u00e7\u00e3o:Todos os procedimentos acima poder\u00e3o ser feitos diretamente pela Coordena\u00e7\u00e3o do campus, com exce\u00e7\u00e3o da matr\u00edcula ex-off\u00edcio que dever\u00e1 ser encaminhada a DCA para as provid\u00eancias de compet\u00eancia privativa da diretoria.<br \/>\r\n<p style=\"text-align: center\"><strong>DOCUMENTOS NECESS\u00c1RIOS E OBRIGAT\u00d3RIOS<\/strong><br \/>\r\n1)Ficha de cadastro<br \/>\r\n2)C\u00f3pia do registro Civil(Nascimento, Casamento ou divorcio)<br \/>\r\n3)C\u00f3pia do RG<br \/>\r\n4)C\u00f3pia do CPF<br \/>\r\n5)C\u00f3pia do Certificado de Reservista<br \/>\r\n6)C\u00f3pia do T\u00edtulo de Eleitor e comprovante de voto atualizado<br \/>\r\n7)C\u00f3pia autenticada do Hist\u00f3rico e do Certificado Escolar do Ensino M\u00e9dio ou equivalente<br \/>\r\n8)Atestado m\u00e9dico de acordo com a necessidade do curso<\/p>\t\t\t\t\t\t  <\/div>\r\n\t\t\t\t\t\t<\/div>\r\n\t\t\t\t\t<\/div>\r\n\t\t\t\t\t<!-- Inner panel End -->\r\n\t\t\t\t\t\r\n\t\t\t\t\t\t\t\t\r\n\t\t\t\t\t<!-- Inner panel Start -->\r\n\t\t\t\t\t<div class=\"wpsm_panel wpsm_panel-default\">\r\n\t\t\t\t\t\t<div class=\"wpsm_panel-heading\" role=\"tab\" >\r\n\t\t\t\t\t\t  <h4 class=\"wpsm_panel-title\">\r\n\t\t\t\t\t\t\t<a  class=\"collapsed\"  data-toggle=\"collapse\" data-parent=\"#wpsm_accordion_2028 \" href=\"javascript:void(0)\" data-target=\"#ac_2028_collapse11\" onclick=\"do_resize()\">\r\n\t\t\t\t\t\t\t\t\t\t\t\t\t\t\t\t\t<span class=\"ac_open_cl_icon fa fa-plus\"><\/span>\r\n\t\t\t\t\t\t\t\t\t\r\n\t\t\t\t\t\t\t\t \r\n\t\t\t\t\t\t\t\t<span class=\"ac_title_class\">\r\n\t\t\t\t\t\t\t\t\t\t\t\t\t\t\t\t\t\t\t\t<span style=\"margin-right:6px;\" class=\"fa fa-angle-right\"><\/span>\r\n\t\t\t\t\t\t\t\t\tTrancamento de Matr\u00edcula\t\t\t\t\t\t\t\t<\/span>\r\n\t\t\t\t\t\t\t<\/a>\r\n\t\t\t\t\t\t  <\/h4>\r\n\t\t\t\t\t\t<\/div>\r\n\t\t\t\t\t\t<div id=\"ac_2028_collapse11\" class=\"wpsm_panel-collapse collapse \"  >\r\n\t\t\t\t\t\t  <div class=\"wpsm_panel-body\">\r\n\t\t\t\t\t\t\t\u00c9 o ato de interrup\u00e7\u00e3o tempor\u00e1ria dos estudos, mantendo o v\u00ednculo com a Universidade, pelo prazo de dois per\u00edodos letivos, sucessivos ou alternados.<br \/>\r\nPara solicitar trancamento de matr\u00edcula, deve\u2010se requerer no prazo de at\u00e9 95 dias, ap\u00f3s o in\u00edcio do ano letivo. Esse procedimento s\u00f3 \u00e9 permitido aos alunos que j\u00e1 tenham cursado um ano de estudos regular e que tenham renovado a matr\u00edcula nos prazos estabelecidos no Calend\u00e1rio Acad\u00eamico da UEPA (Art. 55 do Regimento Geral da UEPA).<br \/>\r\n\r\nA reativa\u00e7\u00e3o da matr\u00edcula ser\u00e1 condicionada \u00e0 expressa solicita\u00e7\u00e3o nos prazos fixados no Calend\u00e1rio Acad\u00eamico da UEPA, em turno onde haja vaga e no mesmo curso. Em caso de mudan\u00e7a de curr\u00edculo, no retorno, o discente  cumprir\u00e1 o curr\u00edculo pleno em vigor. O per\u00edodo de trancamento n\u00e3o ser\u00e1 computado para efeito de integraliza\u00e7\u00e3o curricular.<br \/>\r\n\r\nObserva\u00e7\u00e3o:\r\nA Coordena\u00e7\u00e3o do campus tem autonomia administrativa para deliberar sobre esta quest\u00e3o, observando o que determina o Regimento Geral, sendo desnecess\u00e1rio o envio de processos dessa natureza a DCA.\t\t\t\t\t\t  <\/div>\r\n\t\t\t\t\t\t<\/div>\r\n\t\t\t\t\t<\/div>\r\n\t\t\t\t\t<!-- Inner panel End -->\r\n\t\t\t\t\t\r\n\t\t\t\t\t\t\t\t\r\n\t\t\t\t\t<!-- Inner panel Start -->\r\n\t\t\t\t\t<div class=\"wpsm_panel wpsm_panel-default\">\r\n\t\t\t\t\t\t<div class=\"wpsm_panel-heading\" role=\"tab\" >\r\n\t\t\t\t\t\t  <h4 class=\"wpsm_panel-title\">\r\n\t\t\t\t\t\t\t<a  class=\"collapsed\"  data-toggle=\"collapse\" data-parent=\"#wpsm_accordion_2028 \" href=\"javascript:void(0)\" data-target=\"#ac_2028_collapse12\" onclick=\"do_resize()\">\r\n\t\t\t\t\t\t\t\t\t\t\t\t\t\t\t\t\t<span class=\"ac_open_cl_icon fa fa-plus\"><\/span>\r\n\t\t\t\t\t\t\t\t\t\r\n\t\t\t\t\t\t\t\t \r\n\t\t\t\t\t\t\t\t<span class=\"ac_title_class\">\r\n\t\t\t\t\t\t\t\t\t\t\t\t\t\t\t\t\t\t\t\t<span style=\"margin-right:6px;\" class=\"fa fa-angle-right\"><\/span>\r\n\t\t\t\t\t\t\t\t\tMatr\u00edculas P\u00f3s-Gradua\u00e7\u00e3o\t\t\t\t\t\t\t\t<\/span>\r\n\t\t\t\t\t\t\t<\/a>\r\n\t\t\t\t\t\t  <\/h4>\r\n\t\t\t\t\t\t<\/div>\r\n\t\t\t\t\t\t<div id=\"ac_2028_collapse12\" class=\"wpsm_panel-collapse collapse \"  >\r\n\t\t\t\t\t\t  <div class=\"wpsm_panel-body\">\r\n\t\t\t\t\t\t\t<p style=\"text-align: center\">Os cursos de P\u00f3s gradua\u00e7\u00e3o s\u00e3o destinados a pessoas que j\u00e1 tenham conclu\u00eddo a Gradua\u00e7\u00e3o e desejam se especializar em uma determinada \u00e1rea. S\u00e3o oferecidos atrav\u00e9s dos cursos de Especializa\u00e7\u00e3o e Resid\u00eancias profissionais, Mestrado e Doutorado. Possuem projeto especifico para cada um, e s\u00e3o gerenciados pelo Centro\/Curso pelo qual \u00e9 oferecido e PROPESP (Pr\u00f3 Reitoria de Pesquisa e P\u00f3s gradua\u00e7\u00e3o). Obedecem ao que est\u00e1 previsto no Regimento Geral da Universidade,sendo:<br \/>\r\n\u201cArt. 75 \u2013 Os Programas de P\u00f3s-Gradua\u00e7\u00e3o, abertos a candidatos que tenham conclu\u00eddo cursos de gradua\u00e7\u00e3o plena, ser\u00e3o organizados por campo de saber, objetivando garantir a articula\u00e7\u00e3o entre o ensino e a pesquisa.<br \/>\r\n\u00a7 2\u00ba \u2013 A Pr\u00f3-Reitoria de Pesquisa e P\u00f3s-Gradua\u00e7\u00e3o estabelecer\u00e1 os crit\u00e9rios para a elabora\u00e7\u00e3o dos Programas e Cursos de P\u00f3s-Gradua\u00e7\u00e3o.<br \/>\r\n\u00a7 3\u00ba \u2013 Os Programas de P\u00f3s-Gradua\u00e7\u00e3o ser\u00e3o propostos e desenvolvidos pelo Centro sob a supervis\u00e3o da Pr\u00f3-Reitoria de Pesquisa e P\u00f3s-Gradua\u00e7\u00e3o e aprovados pelo Conselho Universit\u00e1rio\u201d.<\/p>\r\n<p style=\"text-align: left\"><strong>ESPECIALIZA\u00c7\u00c3O\r\n<\/strong><\/p>\r\n<p style=\"text-align: left\">1)Ficha de cadastro<\/p>\r\n<p style=\"text-align: left\">2)C\u00f3pia do registro Civil(Nascimento, Casamento ou Div\u00f3rcio)<\/p>\r\n<p style=\"text-align: left\">3)C\u00f3pia do RG<\/p>\r\n<p style=\"text-align: left\">4)C\u00f3pia do CPF<\/p>\r\n<p style=\"text-align: left\">5)C\u00f3pia do Certificado de Reservista<\/p>\r\n<p style=\"text-align: left\">6)C\u00f3pia do T\u00edtulo de Eleitor e comprovante de voto atualizado<\/p>\r\n<p style=\"text-align: left\">7)C\u00f3pia autenticada do Hist\u00f3rico Escolar e do Diploma do Curso de Gradua\u00e7\u00e3o<\/p>\r\n<p style=\"text-align: left\">8)C\u00f3pia da Carteira do Conselho Profissional (para o caso de cursos de Resid\u00eancia Profissional)<\/p>\r\n<p style=\"text-align: left\"><strong>MESTRADO\/DOUTORADO\r\n<\/strong><\/p>\r\n<p style=\"text-align: left\">1)Ficha de cadastro<\/p>\r\n<p style=\"text-align: left\">2)C\u00f3pia do Registro Civil(Nascimento, Casamento ou Div\u00f3rcio)<\/p>\r\n<p style=\"text-align: left\">3)C\u00f3pia do RG<\/p>\r\n<p style=\"text-align: left\">4)C\u00f3pia do CPF<\/p>\r\n<p style=\"text-align: left\">5)C\u00f3pia do Certificado de Reservista<\/p>\r\n<p style=\"text-align: left\">6)C\u00f3pia do T\u00edtulo de Eleitor e comprovante de voto atualizado<\/p>\r\n<p style=\"text-align: left\">7)C\u00f3pia autenticada do Hist\u00f3rico Escolar e do Diploma da Gradua\u00e7\u00e3o ou Especializa\u00e7\u00e3o<\/p>\r\n<p style=\"text-align: center\"><strong>\u00a0<\/strong><\/p>\t\t\t\t\t\t  <\/div>\r\n\t\t\t\t\t\t<\/div>\r\n\t\t\t\t\t<\/div>\r\n\t\t\t\t\t<!-- Inner panel End -->\r\n\t\t\t\t\t\r\n\t\t\t\t\t\t\t<\/div>\r\n\t\t\t\r\n<script type=\"text\/javascript\">\r\n\t\r\n\t\tfunction do_resize(){\r\n\r\n\t\t\tvar width=jQuery( '.wpsm_panel .wpsm_panel-body iframe' ).width();\r\n\t\t\tvar height=jQuery( '.wpsm_panel .wpsm_panel-body iframe' ).height();\r\n\r\n\t\t\tvar toggleSize = true;\r\n\t\t\tjQuery('iframe').animate({\r\n\t\t\t    width: toggleSize ? width : 640,\r\n\t\t\t    height: toggleSize ? height : 360\r\n\t\t\t  }, 250);\r\n\r\n\t\t\t  toggleSize = !toggleSize;\r\n\t\t}\r\n\t\t\r\n<\/script>\t\n<\/div><\/div>\n","protected":false},"excerpt":{"rendered":"<p>V\u00ednculos Institucionais<\/p>\n","protected":false},"author":1,"featured_media":0,"parent":0,"menu_order":0,"comment_status":"closed","ping_status":"closed","template":"","meta":{"_uag_custom_page_level_css":"","site-sidebar-layout":"default","site-content-layout":"","ast-site-content-layout":"default","site-content-style":"default","site-sidebar-style":"default","ast-global-header-display":"","ast-banner-title-visibility":"","ast-main-header-display":"","ast-hfb-above-header-display":"","ast-hfb-below-header-display":"","ast-hfb-mobile-header-display":"","site-post-title":"disabled","ast-breadcrumbs-content":"","ast-featured-img":"","footer-sml-layout":"","theme-transparent-header-meta":"","adv-header-id-meta":"","stick-header-meta":"","header-above-stick-meta":"","header-main-stick-meta":"","header-below-stick-meta":"","astra-migrate-meta-layouts":"set","ast-page-background-enabled":"default","ast-page-background-meta":{"desktop":{"background-color":"var(--ast-global-color-4)","background-image":"","background-repeat":"repeat","background-position":"center center","background-size":"auto","background-attachment":"scroll","background-type":"","background-media":"","overlay-type":"","overlay-color":"","overlay-gradient":""},"tablet":{"background-color":"","background-image":"","background-repeat":"repeat","background-position":"center center","background-size":"auto","background-attachment":"scroll","background-type":"","background-media":"","overlay-type":"","overlay-color":"","overlay-gradient":""},"mobile":{"background-color":"","background-image":"","background-repeat":"repeat","background-position":"center center","background-size":"auto","background-attachment":"scroll","background-type":"","background-media":"","overlay-type":"","overlay-color":"","overlay-gradient":""}},"ast-content-background-meta":{"desktop":{"background-color":"var(--ast-global-color-5)","background-image":"","background-repeat":"repeat","background-position":"center center","background-size":"auto","background-attachment":"scroll","background-type":"","background-media":"","overlay-type":"","overlay-color":"","overlay-gradient":""},"tablet":{"background-color":"var(--ast-global-color-5)","background-image":"","background-repeat":"repeat","background-position":"center center","background-size":"auto","background-attachment":"scroll","background-type":"","background-media":"","overlay-type":"","overlay-color":"","overlay-gradient":""},"mobile":{"background-color":"var(--ast-global-color-5)","background-image":"","background-repeat":"repeat","background-position":"center center","background-size":"auto","background-attachment":"scroll","background-type":"","background-media":"","overlay-type":"","overlay-color":"","overlay-gradient":""}},"footnotes":""},"class_list":["post-1482","page","type-page","status-publish","hentry"],"uagb_featured_image_src":{"full":false,"thumbnail":false,"medium":false,"medium_large":false,"large":false,"1536x1536":false,"2048x2048":false},"uagb_author_info":{"display_name":"admin@uepa.br","author_link":"https:\/\/dca.uepa.br\/index.php\/author\/adminuepa-br\/"},"uagb_comment_info":0,"uagb_excerpt":"V\u00ednculos Institucionais","_links":{"self":[{"href":"https:\/\/dca.uepa.br\/index.php\/wp-json\/wp\/v2\/pages\/1482","targetHints":{"allow":["GET"]}}],"collection":[{"href":"https:\/\/dca.uepa.br\/index.php\/wp-json\/wp\/v2\/pages"}],"about":[{"href":"https:\/\/dca.uepa.br\/index.php\/wp-json\/wp\/v2\/types\/page"}],"author":[{"embeddable":true,"href":"https:\/\/dca.uepa.br\/index.php\/wp-json\/wp\/v2\/users\/1"}],"replies":[{"embeddable":true,"href":"https:\/\/dca.uepa.br\/index.php\/wp-json\/wp\/v2\/comments?post=1482"}],"version-history":[{"count":8,"href":"https:\/\/dca.uepa.br\/index.php\/wp-json\/wp\/v2\/pages\/1482\/revisions"}],"predecessor-version":[{"id":2309,"href":"https:\/\/dca.uepa.br\/index.php\/wp-json\/wp\/v2\/pages\/1482\/revisions\/2309"}],"wp:attachment":[{"href":"https:\/\/dca.uepa.br\/index.php\/wp-json\/wp\/v2\/media?parent=1482"}],"curies":[{"name":"wp","href":"https:\/\/api.w.org\/{rel}","templated":true}]}}